{"id":2827,"date":"2014-09-13T18:26:34","date_gmt":"2014-09-13T16:26:34","guid":{"rendered":"http:\/\/blog.projekt-kirche.de\/?page_id=2827"},"modified":"2022-11-01T15:16:38","modified_gmt":"2022-11-01T14:16:38","slug":"projekte","status":"publish","type":"page","link":"https:\/\/www.projekt-kirche.de\/?page_id=2827","title":{"rendered":"Projekte"},"content":{"rendered":"<div class=\"shariff\" data-title=\"Projekte\" data-info-url=\"http:\/\/ct.de\/-2467514\" data-backend-url=\"https:\/\/www.projekt-kirche.de\/wp-content\/plugins\/shariff-sharing\/backend\/index.php\" data-temp=\"\/tmp\" data-ttl=\"60\" data-service=\"gftr\" data-services='[\"googleplus\",\"facebook\",\"twitter\",\"reddit\",\"info\"]' data-image=\"\" data-url=\"https:\/\/www.projekt-kirche.de\/?page_id=2827\" data-lang=\"de\" data-theme=\"colored\" data-orientation=\"horizontal\"><\/div>\n<p>Eat Sing Pray (2022)<\/p>\n\n\n\n<p><a href=\"https:\/\/mousy-gymnast-be6.notion.site\/Was-bist-du-Mensch-94b4f53e90d34102a9ecb67102f6e483\">Was bist Du Mensch? <\/a><\/p>\n\n\n\n<figure class=\"wp-block-image size-large\"><img data-recalc-dims=\"1\" loading=\"lazy\" decoding=\"async\" width=\"629\" height=\"474\" src=\"https:\/\/i0.wp.com\/www.projekt-kirche.de\/wp-content\/uploads\/2022\/11\/pxl_20221028_1700274342943322154194539376.jpg?resize=629%2C474&#038;ssl=1\" alt=\"\" class=\"wp-image-9451\" srcset=\"https:\/\/i0.wp.com\/www.projekt-kirche.de\/wp-content\/uploads\/2022\/11\/pxl_20221028_1700274342943322154194539376-scaled.jpg?resize=1024%2C771&amp;ssl=1 1024w, https:\/\/i0.wp.com\/www.projekt-kirche.de\/wp-content\/uploads\/2022\/11\/pxl_20221028_1700274342943322154194539376-scaled.jpg?resize=300%2C226&amp;ssl=1 300w, https:\/\/i0.wp.com\/www.projekt-kirche.de\/wp-content\/uploads\/2022\/11\/pxl_20221028_1700274342943322154194539376-scaled.jpg?resize=768%2C578&amp;ssl=1 768w, https:\/\/i0.wp.com\/www.projekt-kirche.de\/wp-content\/uploads\/2022\/11\/pxl_20221028_1700274342943322154194539376-scaled.jpg?resize=1536%2C1157&amp;ssl=1 1536w, https:\/\/i0.wp.com\/www.projekt-kirche.de\/wp-content\/uploads\/2022\/11\/pxl_20221028_1700274342943322154194539376-scaled.jpg?resize=2048%2C1542&amp;ssl=1 2048w, https:\/\/i0.wp.com\/www.projekt-kirche.de\/wp-content\/uploads\/2022\/11\/pxl_20221028_1700274342943322154194539376-scaled.jpg?resize=900%2C678&amp;ssl=1 900w, https:\/\/i0.wp.com\/www.projekt-kirche.de\/wp-content\/uploads\/2022\/11\/pxl_20221028_1700274342943322154194539376-scaled.jpg?resize=1280%2C964&amp;ssl=1 1280w, https:\/\/i0.wp.com\/www.projekt-kirche.de\/wp-content\/uploads\/2022\/11\/pxl_20221028_1700274342943322154194539376-scaled.jpg?w=1887&amp;ssl=1 1887w\" sizes=\"auto, (max-width: 629px) 100vw, 629px\" \/><figcaption class=\"wp-element-caption\">Evangelische Johanneskirche<\/figcaption><\/figure>\n\n\n\n<figure class=\"wp-block-image size-large\"><img data-recalc-dims=\"1\" loading=\"lazy\" decoding=\"async\" width=\"629\" height=\"472\" src=\"https:\/\/i0.wp.com\/www.projekt-kirche.de\/wp-content\/uploads\/2022\/11\/img-20221028-wa00078824912615399215965.jpg?resize=629%2C472&#038;ssl=1\" alt=\"\" class=\"wp-image-9453\" srcset=\"https:\/\/i0.wp.com\/www.projekt-kirche.de\/wp-content\/uploads\/2022\/11\/img-20221028-wa00078824912615399215965.jpg?w=1024&amp;ssl=1 1024w, https:\/\/i0.wp.com\/www.projekt-kirche.de\/wp-content\/uploads\/2022\/11\/img-20221028-wa00078824912615399215965.jpg?resize=300%2C225&amp;ssl=1 300w, https:\/\/i0.wp.com\/www.projekt-kirche.de\/wp-content\/uploads\/2022\/11\/img-20221028-wa00078824912615399215965.jpg?resize=768%2C576&amp;ssl=1 768w, https:\/\/i0.wp.com\/www.projekt-kirche.de\/wp-content\/uploads\/2022\/11\/img-20221028-wa00078824912615399215965.jpg?resize=900%2C675&amp;ssl=1 900w\" sizes=\"auto, (max-width: 629px) 100vw, 629px\" \/><figcaption class=\"wp-element-caption\">&#8220;Eat Sing Pray&#8221; diesmal in der Kirche <\/figcaption><\/figure>\n\n\n\n<p><strong>5 Fragen zum katholischen Priestertum (2022)<\/strong><\/p>\n\n\n\n<figure class=\"wp-block-embed is-type-video is-provider-youtube wp-block-embed-youtube\"><div class=\"wp-block-embed__wrapper\">\n<span class=\"embed-youtube\" style=\"text-align:center; display: block;\"><iframe loading=\"lazy\" class=\"youtube-player\" width=\"629\" height=\"354\" src=\"https:\/\/www.youtube.com\/embed\/TfT7tHsD8Cw?version=3&#038;rel=1&#038;showsearch=0&#038;showinfo=1&#038;iv_load_policy=1&#038;fs=1&#038;hl=de-DE&#038;autohide=2&#038;wmode=transparent\" allowfullscreen=\"true\" style=\"border:0;\" sandbox=\"allow-scripts allow-same-origin allow-popups allow-presentation allow-popups-to-escape-sandbox\"><\/iframe><\/span>\n<\/div><\/figure>\n\n\n\n<p><strong>Eat Sing Pray (2021<\/strong>)<\/p>\n\n\n\n<figure class=\"wp-block-image size-medium\"><img data-recalc-dims=\"1\" loading=\"lazy\" decoding=\"async\" width=\"300\" height=\"225\" src=\"https:\/\/i0.wp.com\/www.projekt-kirche.de\/wp-content\/uploads\/2022\/05\/IMG-20211210-WA0001.jpg?resize=300%2C225&#038;ssl=1\" alt=\"\" class=\"wp-image-9344\" srcset=\"https:\/\/i0.wp.com\/www.projekt-kirche.de\/wp-content\/uploads\/2022\/05\/IMG-20211210-WA0001.jpg?resize=300%2C225&amp;ssl=1 300w, https:\/\/i0.wp.com\/www.projekt-kirche.de\/wp-content\/uploads\/2022\/05\/IMG-20211210-WA0001.jpg?resize=1024%2C768&amp;ssl=1 1024w, https:\/\/i0.wp.com\/www.projekt-kirche.de\/wp-content\/uploads\/2022\/05\/IMG-20211210-WA0001.jpg?resize=768%2C576&amp;ssl=1 768w, https:\/\/i0.wp.com\/www.projekt-kirche.de\/wp-content\/uploads\/2022\/05\/IMG-20211210-WA0001.jpg?resize=1536%2C1152&amp;ssl=1 1536w, https:\/\/i0.wp.com\/www.projekt-kirche.de\/wp-content\/uploads\/2022\/05\/IMG-20211210-WA0001.jpg?resize=900%2C675&amp;ssl=1 900w, https:\/\/i0.wp.com\/www.projekt-kirche.de\/wp-content\/uploads\/2022\/05\/IMG-20211210-WA0001.jpg?resize=1280%2C960&amp;ssl=1 1280w, https:\/\/i0.wp.com\/www.projekt-kirche.de\/wp-content\/uploads\/2022\/05\/IMG-20211210-WA0001.jpg?w=2048&amp;ssl=1 2048w, https:\/\/i0.wp.com\/www.projekt-kirche.de\/wp-content\/uploads\/2022\/05\/IMG-20211210-WA0001.jpg?w=1887&amp;ssl=1 1887w\" sizes=\"auto, (max-width: 300px) 100vw, 300px\" \/><\/figure>\n\n\n\n<p><strong>Eat Sing Pray (2020<\/strong>)<\/p>\n\n\n\n<figure class=\"wp-block-image size-medium\"><img data-recalc-dims=\"1\" loading=\"lazy\" decoding=\"async\" width=\"225\" height=\"300\" src=\"https:\/\/i0.wp.com\/www.projekt-kirche.de\/wp-content\/uploads\/2022\/05\/IMG-20201003-WA0003.jpg?resize=225%2C300&#038;ssl=1\" alt=\"\" class=\"wp-image-9341\" srcset=\"https:\/\/i0.wp.com\/www.projekt-kirche.de\/wp-content\/uploads\/2022\/05\/IMG-20201003-WA0003.jpg?resize=225%2C300&amp;ssl=1 225w, https:\/\/i0.wp.com\/www.projekt-kirche.de\/wp-content\/uploads\/2022\/05\/IMG-20201003-WA0003.jpg?resize=768%2C1024&amp;ssl=1 768w, https:\/\/i0.wp.com\/www.projekt-kirche.de\/wp-content\/uploads\/2022\/05\/IMG-20201003-WA0003.jpg?resize=1152%2C1536&amp;ssl=1 1152w, https:\/\/i0.wp.com\/www.projekt-kirche.de\/wp-content\/uploads\/2022\/05\/IMG-20201003-WA0003.jpg?resize=900%2C1200&amp;ssl=1 900w, https:\/\/i0.wp.com\/www.projekt-kirche.de\/wp-content\/uploads\/2022\/05\/IMG-20201003-WA0003.jpg?w=1200&amp;ssl=1 1200w\" sizes=\"auto, (max-width: 225px) 100vw, 225px\" \/><\/figure>\n\n\n\n<p><strong><a href=\"https:\/\/www.bibleserver.com\/NLB\/Psalm27\" class=\"bibleserver extern\" target=\"_blank\" rel=\"noopener\">Ps 27<\/a> &#8211; Andacht um 8<\/strong> (<strong>2019<\/strong>)<\/p>\n\n\n\n<figure class=\"wp-block-gallery has-nested-images columns-default is-cropped wp-block-gallery-2 is-layout-flex wp-block-gallery-is-layout-flex\">\n<figure class=\"wp-block-image size-large\"><img data-recalc-dims=\"1\" loading=\"lazy\" decoding=\"async\" width=\"629\" height=\"472\" data-id=\"7243\" src=\"https:\/\/i0.wp.com\/www.projekt-kirche.de\/wp-content\/uploads\/2020\/02\/Ps27-Anacht_um_8_heller.jpg?resize=629%2C472&#038;ssl=1\" alt=\"\" class=\"wp-image-7243\" srcset=\"https:\/\/i0.wp.com\/www.projekt-kirche.de\/wp-content\/uploads\/2020\/02\/Ps27-Anacht_um_8_heller-scaled.jpg?resize=1024%2C768&amp;ssl=1 1024w, https:\/\/i0.wp.com\/www.projekt-kirche.de\/wp-content\/uploads\/2020\/02\/Ps27-Anacht_um_8_heller-scaled.jpg?resize=300%2C225&amp;ssl=1 300w, https:\/\/i0.wp.com\/www.projekt-kirche.de\/wp-content\/uploads\/2020\/02\/Ps27-Anacht_um_8_heller-scaled.jpg?resize=768%2C576&amp;ssl=1 768w, https:\/\/i0.wp.com\/www.projekt-kirche.de\/wp-content\/uploads\/2020\/02\/Ps27-Anacht_um_8_heller-scaled.jpg?resize=1536%2C1152&amp;ssl=1 1536w, https:\/\/i0.wp.com\/www.projekt-kirche.de\/wp-content\/uploads\/2020\/02\/Ps27-Anacht_um_8_heller-scaled.jpg?resize=2048%2C1536&amp;ssl=1 2048w, https:\/\/i0.wp.com\/www.projekt-kirche.de\/wp-content\/uploads\/2020\/02\/Ps27-Anacht_um_8_heller-scaled.jpg?resize=900%2C675&amp;ssl=1 900w, https:\/\/i0.wp.com\/www.projekt-kirche.de\/wp-content\/uploads\/2020\/02\/Ps27-Anacht_um_8_heller-scaled.jpg?resize=1280%2C960&amp;ssl=1 1280w, https:\/\/i0.wp.com\/www.projekt-kirche.de\/wp-content\/uploads\/2020\/02\/Ps27-Anacht_um_8_heller-scaled.jpg?w=1887&amp;ssl=1 1887w\" sizes=\"auto, (max-width: 629px) 100vw, 629px\" \/><\/figure>\n<\/figure>\n\n\n\n<p><strong>home|base Projektgemeinde&nbsp;(ab 2019<\/strong>)<\/p>\n\n\n\n<figure class=\"wp-block-gallery has-nested-images columns-default is-cropped wp-block-gallery-3 is-layout-flex wp-block-gallery-is-layout-flex\">\n<figure class=\"wp-block-image size-large\"><img data-recalc-dims=\"1\" loading=\"lazy\" decoding=\"async\" width=\"629\" height=\"626\" data-id=\"6671\" src=\"https:\/\/i0.wp.com\/www.projekt-kirche.de\/wp-content\/uploads\/2018\/12\/PSX_20181211_183741.jpg?resize=629%2C626&#038;ssl=1\" alt=\"\" class=\"wp-image-6671\" srcset=\"https:\/\/i0.wp.com\/www.projekt-kirche.de\/wp-content\/uploads\/2018\/12\/PSX_20181211_183741.jpg?resize=1024%2C1019&amp;ssl=1 1024w, https:\/\/i0.wp.com\/www.projekt-kirche.de\/wp-content\/uploads\/2018\/12\/PSX_20181211_183741.jpg?resize=150%2C150&amp;ssl=1 150w, https:\/\/i0.wp.com\/www.projekt-kirche.de\/wp-content\/uploads\/2018\/12\/PSX_20181211_183741.jpg?resize=300%2C300&amp;ssl=1 300w, https:\/\/i0.wp.com\/www.projekt-kirche.de\/wp-content\/uploads\/2018\/12\/PSX_20181211_183741.jpg?resize=768%2C765&amp;ssl=1 768w, https:\/\/i0.wp.com\/www.projekt-kirche.de\/wp-content\/uploads\/2018\/12\/PSX_20181211_183741.jpg?resize=88%2C88&amp;ssl=1 88w, https:\/\/i0.wp.com\/www.projekt-kirche.de\/wp-content\/uploads\/2018\/12\/PSX_20181211_183741.jpg?resize=900%2C896&amp;ssl=1 900w, https:\/\/i0.wp.com\/www.projekt-kirche.de\/wp-content\/uploads\/2018\/12\/PSX_20181211_183741.jpg?w=1124&amp;ssl=1 1124w\" sizes=\"auto, (max-width: 629px) 100vw, 629px\" \/><\/figure>\n\n\n\n<figure class=\"wp-block-image size-large\"><img data-recalc-dims=\"1\" loading=\"lazy\" decoding=\"async\" width=\"629\" height=\"882\" data-id=\"6673\" src=\"https:\/\/i0.wp.com\/www.projekt-kirche.de\/wp-content\/uploads\/2018\/12\/img-20181211-wa0003316574272.jpg?resize=629%2C882&#038;ssl=1\" alt=\"\" class=\"wp-image-6673\" srcset=\"https:\/\/i0.wp.com\/www.projekt-kirche.de\/wp-content\/uploads\/2018\/12\/img-20181211-wa0003316574272.jpg?resize=730%2C1024&amp;ssl=1 730w, https:\/\/i0.wp.com\/www.projekt-kirche.de\/wp-content\/uploads\/2018\/12\/img-20181211-wa0003316574272.jpg?resize=214%2C300&amp;ssl=1 214w, https:\/\/i0.wp.com\/www.projekt-kirche.de\/wp-content\/uploads\/2018\/12\/img-20181211-wa0003316574272.jpg?resize=768%2C1077&amp;ssl=1 768w, https:\/\/i0.wp.com\/www.projekt-kirche.de\/wp-content\/uploads\/2018\/12\/img-20181211-wa0003316574272.jpg?resize=900%2C1262&amp;ssl=1 900w, https:\/\/i0.wp.com\/www.projekt-kirche.de\/wp-content\/uploads\/2018\/12\/img-20181211-wa0003316574272.jpg?w=1141&amp;ssl=1 1141w\" sizes=\"auto, (max-width: 629px) 100vw, 629px\" \/><\/figure>\n<\/figure>\n\n\n\n<p><strong>Alphakurs 2018<\/strong><\/p>\n\n\n\n<figure class=\"wp-block-gallery has-nested-images columns-2 is-cropped alignwide wp-block-gallery-4 is-layout-flex wp-block-gallery-is-layout-flex\">\n<figure class=\"wp-block-image size-large\"><img data-recalc-dims=\"1\" loading=\"lazy\" decoding=\"async\" width=\"491\" height=\"340\" data-id=\"6788\" src=\"https:\/\/i0.wp.com\/www.projekt-kirche.de\/wp-content\/uploads\/2019\/01\/facebook_1546538385406.jpg?resize=491%2C340&#038;ssl=1\" alt=\"\" class=\"wp-image-6788\" srcset=\"https:\/\/i0.wp.com\/www.projekt-kirche.de\/wp-content\/uploads\/2019\/01\/facebook_1546538385406.jpg?w=491&amp;ssl=1 491w, https:\/\/i0.wp.com\/www.projekt-kirche.de\/wp-content\/uploads\/2019\/01\/facebook_1546538385406.jpg?resize=300%2C208&amp;ssl=1 300w\" sizes=\"auto, (max-width: 491px) 100vw, 491px\" \/><\/figure>\n\n\n\n<figure class=\"wp-block-image size-large\"><img data-recalc-dims=\"1\" loading=\"lazy\" decoding=\"async\" width=\"629\" height=\"472\" data-id=\"6786\" src=\"https:\/\/i0.wp.com\/www.projekt-kirche.de\/wp-content\/uploads\/2019\/01\/facebook_1546538301438.jpg?resize=629%2C472&#038;ssl=1\" alt=\"\" class=\"wp-image-6786\" srcset=\"https:\/\/i0.wp.com\/www.projekt-kirche.de\/wp-content\/uploads\/2019\/01\/facebook_1546538301438.jpg?resize=1024%2C768&amp;ssl=1 1024w, https:\/\/i0.wp.com\/www.projekt-kirche.de\/wp-content\/uploads\/2019\/01\/facebook_1546538301438.jpg?resize=300%2C225&amp;ssl=1 300w, https:\/\/i0.wp.com\/www.projekt-kirche.de\/wp-content\/uploads\/2019\/01\/facebook_1546538301438.jpg?resize=768%2C576&amp;ssl=1 768w, https:\/\/i0.wp.com\/www.projekt-kirche.de\/wp-content\/uploads\/2019\/01\/facebook_1546538301438.jpg?resize=900%2C675&amp;ssl=1 900w, https:\/\/i0.wp.com\/www.projekt-kirche.de\/wp-content\/uploads\/2019\/01\/facebook_1546538301438.jpg?w=1280&amp;ssl=1 1280w\" sizes=\"auto, (max-width: 629px) 100vw, 629px\" \/><\/figure>\n\n\n\n<figure class=\"wp-block-image size-large\"><img data-recalc-dims=\"1\" loading=\"lazy\" decoding=\"async\" width=\"629\" height=\"472\" data-id=\"6784\" src=\"https:\/\/i0.wp.com\/www.projekt-kirche.de\/wp-content\/uploads\/2019\/01\/facebook_1546538256110.jpg?resize=629%2C472&#038;ssl=1\" alt=\"\" class=\"wp-image-6784\" srcset=\"https:\/\/i0.wp.com\/www.projekt-kirche.de\/wp-content\/uploads\/2019\/01\/facebook_1546538256110.jpg?resize=1024%2C768&amp;ssl=1 1024w, https:\/\/i0.wp.com\/www.projekt-kirche.de\/wp-content\/uploads\/2019\/01\/facebook_1546538256110.jpg?resize=300%2C225&amp;ssl=1 300w, https:\/\/i0.wp.com\/www.projekt-kirche.de\/wp-content\/uploads\/2019\/01\/facebook_1546538256110.jpg?resize=768%2C576&amp;ssl=1 768w, https:\/\/i0.wp.com\/www.projekt-kirche.de\/wp-content\/uploads\/2019\/01\/facebook_1546538256110.jpg?resize=900%2C675&amp;ssl=1 900w, https:\/\/i0.wp.com\/www.projekt-kirche.de\/wp-content\/uploads\/2019\/01\/facebook_1546538256110.jpg?w=1280&amp;ssl=1 1280w\" sizes=\"auto, (max-width: 629px) 100vw, 629px\" \/><\/figure>\n\n\n\n<figure class=\"wp-block-image size-large\"><img data-recalc-dims=\"1\" loading=\"lazy\" decoding=\"async\" width=\"629\" height=\"629\" data-id=\"6783\" src=\"https:\/\/i0.wp.com\/www.projekt-kirche.de\/wp-content\/uploads\/2019\/01\/collagemaker_201811207379231.jpg?resize=629%2C629&#038;ssl=1\" alt=\"\" class=\"wp-image-6783\" srcset=\"https:\/\/i0.wp.com\/www.projekt-kirche.de\/wp-content\/uploads\/2019\/01\/collagemaker_201811207379231.jpg?resize=1024%2C1024&amp;ssl=1 1024w, https:\/\/i0.wp.com\/www.projekt-kirche.de\/wp-content\/uploads\/2019\/01\/collagemaker_201811207379231.jpg?resize=150%2C150&amp;ssl=1 150w, https:\/\/i0.wp.com\/www.projekt-kirche.de\/wp-content\/uploads\/2019\/01\/collagemaker_201811207379231.jpg?resize=300%2C300&amp;ssl=1 300w, https:\/\/i0.wp.com\/www.projekt-kirche.de\/wp-content\/uploads\/2019\/01\/collagemaker_201811207379231.jpg?resize=768%2C768&amp;ssl=1 768w, https:\/\/i0.wp.com\/www.projekt-kirche.de\/wp-content\/uploads\/2019\/01\/collagemaker_201811207379231.jpg?resize=88%2C88&amp;ssl=1 88w, https:\/\/i0.wp.com\/www.projekt-kirche.de\/wp-content\/uploads\/2019\/01\/collagemaker_201811207379231.jpg?resize=900%2C900&amp;ssl=1 900w, https:\/\/i0.wp.com\/www.projekt-kirche.de\/wp-content\/uploads\/2019\/01\/collagemaker_201811207379231.jpg?resize=1280%2C1280&amp;ssl=1 1280w, https:\/\/i0.wp.com\/www.projekt-kirche.de\/wp-content\/uploads\/2019\/01\/collagemaker_201811207379231.jpg?w=1806&amp;ssl=1 1806w\" sizes=\"auto, (max-width: 629px) 100vw, 629px\" \/><\/figure>\n<\/figure>\n\n\n\n<p><strong>Eat Sing Pray 2018\/2019<\/strong><\/p>\n\n\n\n<figure class=\"wp-block-gallery has-nested-images columns-default is-cropped wp-block-gallery-5 is-layout-flex wp-block-gallery-is-layout-flex\">\n<figure class=\"wp-block-image size-large\"><img data-recalc-dims=\"1\" loading=\"lazy\" decoding=\"async\" width=\"629\" height=\"890\" data-id=\"6742\" src=\"https:\/\/i0.wp.com\/www.projekt-kirche.de\/wp-content\/uploads\/2019\/01\/Plakat-ESP-2018.jpg?resize=629%2C890&#038;ssl=1\" alt=\"\" class=\"wp-image-6742\" srcset=\"https:\/\/i0.wp.com\/www.projekt-kirche.de\/wp-content\/uploads\/2019\/01\/Plakat-ESP-2018.jpg?resize=724%2C1024&amp;ssl=1 724w, https:\/\/i0.wp.com\/www.projekt-kirche.de\/wp-content\/uploads\/2019\/01\/Plakat-ESP-2018.jpg?resize=212%2C300&amp;ssl=1 212w, https:\/\/i0.wp.com\/www.projekt-kirche.de\/wp-content\/uploads\/2019\/01\/Plakat-ESP-2018.jpg?resize=768%2C1086&amp;ssl=1 768w, https:\/\/i0.wp.com\/www.projekt-kirche.de\/wp-content\/uploads\/2019\/01\/Plakat-ESP-2018.jpg?resize=900%2C1273&amp;ssl=1 900w, https:\/\/i0.wp.com\/www.projekt-kirche.de\/wp-content\/uploads\/2019\/01\/Plakat-ESP-2018.jpg?w=1240&amp;ssl=1 1240w\" sizes=\"auto, (max-width: 629px) 100vw, 629px\" \/><\/figure>\n\n\n\n<figure class=\"wp-block-image size-large\"><img data-recalc-dims=\"1\" loading=\"lazy\" decoding=\"async\" width=\"629\" height=\"839\" data-id=\"6744\" src=\"https:\/\/i0.wp.com\/www.projekt-kirche.de\/wp-content\/uploads\/2019\/01\/Eat-Sing-Pray2018_2_blurred_k.jpg?resize=629%2C839&#038;ssl=1\" alt=\"\" class=\"wp-image-6744\" srcset=\"https:\/\/i0.wp.com\/www.projekt-kirche.de\/wp-content\/uploads\/2019\/01\/Eat-Sing-Pray2018_2_blurred_k.jpg?resize=768%2C1024&amp;ssl=1 768w, https:\/\/i0.wp.com\/www.projekt-kirche.de\/wp-content\/uploads\/2019\/01\/Eat-Sing-Pray2018_2_blurred_k.jpg?resize=225%2C300&amp;ssl=1 225w, https:\/\/i0.wp.com\/www.projekt-kirche.de\/wp-content\/uploads\/2019\/01\/Eat-Sing-Pray2018_2_blurred_k.jpg?resize=900%2C1200&amp;ssl=1 900w, https:\/\/i0.wp.com\/www.projekt-kirche.de\/wp-content\/uploads\/2019\/01\/Eat-Sing-Pray2018_2_blurred_k.jpg?resize=1280%2C1707&amp;ssl=1 1280w, https:\/\/i0.wp.com\/www.projekt-kirche.de\/wp-content\/uploads\/2019\/01\/Eat-Sing-Pray2018_2_blurred_k.jpg?w=1887&amp;ssl=1 1887w\" sizes=\"auto, (max-width: 629px) 100vw, 629px\" \/><\/figure>\n\n\n\n<figure class=\"wp-block-image size-large\"><img data-recalc-dims=\"1\" loading=\"lazy\" decoding=\"async\" width=\"629\" height=\"472\" data-id=\"6745\" src=\"https:\/\/i0.wp.com\/www.projekt-kirche.de\/wp-content\/uploads\/2019\/01\/Eat-Sing-Pray-2018_blurred5.jpg?resize=629%2C472&#038;ssl=1\" alt=\"\" class=\"wp-image-6745\" srcset=\"https:\/\/i0.wp.com\/www.projekt-kirche.de\/wp-content\/uploads\/2019\/01\/Eat-Sing-Pray-2018_blurred5.jpg?resize=1024%2C768&amp;ssl=1 1024w, https:\/\/i0.wp.com\/www.projekt-kirche.de\/wp-content\/uploads\/2019\/01\/Eat-Sing-Pray-2018_blurred5.jpg?resize=300%2C225&amp;ssl=1 300w, https:\/\/i0.wp.com\/www.projekt-kirche.de\/wp-content\/uploads\/2019\/01\/Eat-Sing-Pray-2018_blurred5.jpg?resize=768%2C576&amp;ssl=1 768w, https:\/\/i0.wp.com\/www.projekt-kirche.de\/wp-content\/uploads\/2019\/01\/Eat-Sing-Pray-2018_blurred5.jpg?resize=900%2C675&amp;ssl=1 900w, https:\/\/i0.wp.com\/www.projekt-kirche.de\/wp-content\/uploads\/2019\/01\/Eat-Sing-Pray-2018_blurred5.jpg?resize=1280%2C960&amp;ssl=1 1280w, https:\/\/i0.wp.com\/www.projekt-kirche.de\/wp-content\/uploads\/2019\/01\/Eat-Sing-Pray-2018_blurred5.jpg?w=1600&amp;ssl=1 1600w\" sizes=\"auto, (max-width: 629px) 100vw, 629px\" \/><\/figure>\n\n\n\n<figure class=\"wp-block-image size-large\"><img data-recalc-dims=\"1\" loading=\"lazy\" decoding=\"async\" width=\"629\" height=\"300\" data-id=\"6746\" src=\"https:\/\/i0.wp.com\/www.projekt-kirche.de\/wp-content\/uploads\/2019\/01\/Eat-Sing-Pray-2018_blurred5-e1539749511963-1024x488.jpg?resize=629%2C300&#038;ssl=1\" alt=\"\" class=\"wp-image-6746\" srcset=\"https:\/\/i0.wp.com\/www.projekt-kirche.de\/wp-content\/uploads\/2019\/01\/Eat-Sing-Pray-2018_blurred5-e1539749511963.jpg?resize=1024%2C488&amp;ssl=1 1024w, https:\/\/i0.wp.com\/www.projekt-kirche.de\/wp-content\/uploads\/2019\/01\/Eat-Sing-Pray-2018_blurred5-e1539749511963.jpg?resize=300%2C143&amp;ssl=1 300w, https:\/\/i0.wp.com\/www.projekt-kirche.de\/wp-content\/uploads\/2019\/01\/Eat-Sing-Pray-2018_blurred5-e1539749511963.jpg?resize=768%2C366&amp;ssl=1 768w, https:\/\/i0.wp.com\/www.projekt-kirche.de\/wp-content\/uploads\/2019\/01\/Eat-Sing-Pray-2018_blurred5-e1539749511963.jpg?resize=900%2C429&amp;ssl=1 900w, https:\/\/i0.wp.com\/www.projekt-kirche.de\/wp-content\/uploads\/2019\/01\/Eat-Sing-Pray-2018_blurred5-e1539749511963.jpg?resize=1280%2C610&amp;ssl=1 1280w, https:\/\/i0.wp.com\/www.projekt-kirche.de\/wp-content\/uploads\/2019\/01\/Eat-Sing-Pray-2018_blurred5-e1539749511963.jpg?w=1596&amp;ssl=1 1596w\" sizes=\"auto, (max-width: 629px) 100vw, 629px\" \/><\/figure>\n<\/figure>\n\n\n<p><strong>Eat Sing Pray<\/strong><strong>&nbsp;2017<\/strong><\/p>\n\n\t\t<style type=\"text\/css\">\n\t\t\t#gallery-1 {\n\t\t\t\tmargin: auto;\n\t\t\t}\n\t\t\t#gallery-1 .gallery-item {\n\t\t\t\tfloat: left;\n\t\t\t\tmargin-top: 10px;\n\t\t\t\ttext-align: center;\n\t\t\t\twidth: 33%;\n\t\t\t}\n\t\t\t#gallery-1 img {\n\t\t\t\tborder: 2px solid #cfcfcf;\n\t\t\t}\n\t\t\t#gallery-1 .gallery-caption {\n\t\t\t\tmargin-left: 0;\n\t\t\t}\n\t\t\t\/* see gallery_shortcode() in wp-includes\/media.php *\/\n\t\t<\/style>\n\t\t<div id='gallery-1' class='gallery galleryid-2827 gallery-columns-3 gallery-size-thumbnail'><dl class='gallery-item'>\n\t\t\t<dt class='gallery-icon portrait'>\n\t\t\t\t<a href='https:\/\/www.projekt-kirche.de\/?attachment_id=5030'><img loading=\"lazy\" decoding=\"async\" width=\"150\" height=\"150\" src=\"https:\/\/i0.wp.com\/www.projekt-kirche.de\/wp-content\/uploads\/2017\/08\/plakat_eatsingpray_web.jpg?resize=150%2C150&amp;ssl=1\" class=\"attachment-thumbnail size-thumbnail\" alt=\"\" aria-describedby=\"gallery-1-5030\" srcset=\"https:\/\/i0.wp.com\/www.projekt-kirche.de\/wp-content\/uploads\/2017\/08\/plakat_eatsingpray_web.jpg?resize=150%2C150&amp;ssl=1 150w, https:\/\/i0.wp.com\/www.projekt-kirche.de\/wp-content\/uploads\/2017\/08\/plakat_eatsingpray_web.jpg?resize=88%2C88&amp;ssl=1 88w, https:\/\/i0.wp.com\/www.projekt-kirche.de\/wp-content\/uploads\/2017\/08\/plakat_eatsingpray_web.jpg?zoom=2&amp;resize=150%2C150&amp;ssl=1 300w, https:\/\/i0.wp.com\/www.projekt-kirche.de\/wp-content\/uploads\/2017\/08\/plakat_eatsingpray_web.jpg?zoom=3&amp;resize=150%2C150&amp;ssl=1 450w\" sizes=\"auto, (max-width: 150px) 100vw, 150px\" \/><\/a>\n\t\t\t<\/dt>\n\t\t\t\t<dd class='wp-caption-text gallery-caption' id='gallery-1-5030'>\n\t\t\t\tBe invited&#8230;\n\t\t\t\t<\/dd><\/dl><dl class='gallery-item'>\n\t\t\t<dt class='gallery-icon portrait'>\n\t\t\t\t<a href='https:\/\/www.projekt-kirche.de\/?attachment_id=5361'><img loading=\"lazy\" decoding=\"async\" width=\"150\" height=\"150\" src=\"https:\/\/i0.wp.com\/www.projekt-kirche.de\/wp-content\/uploads\/2018\/04\/img_20170914_183410119-e1522862000783.jpg?resize=150%2C150&amp;ssl=1\" class=\"attachment-thumbnail size-thumbnail\" alt=\"\" aria-describedby=\"gallery-1-5361\" srcset=\"https:\/\/i0.wp.com\/www.projekt-kirche.de\/wp-content\/uploads\/2018\/04\/img_20170914_183410119-e1522862000783.jpg?resize=150%2C150&amp;ssl=1 150w, https:\/\/i0.wp.com\/www.projekt-kirche.de\/wp-content\/uploads\/2018\/04\/img_20170914_183410119-e1522862000783.jpg?resize=88%2C88&amp;ssl=1 88w, https:\/\/i0.wp.com\/www.projekt-kirche.de\/wp-content\/uploads\/2018\/04\/img_20170914_183410119-e1522862000783.jpg?zoom=2&amp;resize=150%2C150&amp;ssl=1 300w, https:\/\/i0.wp.com\/www.projekt-kirche.de\/wp-content\/uploads\/2018\/04\/img_20170914_183410119-e1522862000783.jpg?zoom=3&amp;resize=150%2C150&amp;ssl=1 450w\" sizes=\"auto, (max-width: 150px) 100vw, 150px\" \/><\/a>\n\t\t\t<\/dt>\n\t\t\t\t<dd class='wp-caption-text gallery-caption' id='gallery-1-5361'>\n\t\t\t\tWelcome&#8230;\n\t\t\t\t<\/dd><\/dl><dl class='gallery-item'>\n\t\t\t<dt class='gallery-icon landscape'>\n\t\t\t\t<a href='https:\/\/www.projekt-kirche.de\/?attachment_id=5364'><img loading=\"lazy\" decoding=\"async\" width=\"150\" height=\"150\" src=\"https:\/\/i0.wp.com\/www.projekt-kirche.de\/wp-content\/uploads\/2018\/04\/img_20170914_193311381-2-e1522861900490.jpg?resize=150%2C150&amp;ssl=1\" class=\"attachment-thumbnail size-thumbnail\" alt=\"\" aria-describedby=\"gallery-1-5364\" srcset=\"https:\/\/i0.wp.com\/www.projekt-kirche.de\/wp-content\/uploads\/2018\/04\/img_20170914_193311381-2-e1522861900490.jpg?resize=150%2C150&amp;ssl=1 150w, https:\/\/i0.wp.com\/www.projekt-kirche.de\/wp-content\/uploads\/2018\/04\/img_20170914_193311381-2-e1522861900490.jpg?resize=88%2C88&amp;ssl=1 88w, https:\/\/i0.wp.com\/www.projekt-kirche.de\/wp-content\/uploads\/2018\/04\/img_20170914_193311381-2-e1522861900490.jpg?zoom=2&amp;resize=150%2C150&amp;ssl=1 300w, https:\/\/i0.wp.com\/www.projekt-kirche.de\/wp-content\/uploads\/2018\/04\/img_20170914_193311381-2-e1522861900490.jpg?zoom=3&amp;resize=150%2C150&amp;ssl=1 450w\" sizes=\"auto, (max-width: 150px) 100vw, 150px\" \/><\/a>\n\t\t\t<\/dt>\n\t\t\t\t<dd class='wp-caption-text gallery-caption' id='gallery-1-5364'>\n\t\t\t\tSing&amp;Pray\n\t\t\t\t<\/dd><\/dl><br style=\"clear: both\" \/>\n\t\t<\/div>\n\n<p><strong>2.&nbsp;<\/strong><strong>\u00d6kumenischer Lobpreisabend Oeffingen 2016<\/strong><\/p>\n\n\t\t<style type=\"text\/css\">\n\t\t\t#gallery-2 {\n\t\t\t\tmargin: auto;\n\t\t\t}\n\t\t\t#gallery-2 .gallery-item {\n\t\t\t\tfloat: left;\n\t\t\t\tmargin-top: 10px;\n\t\t\t\ttext-align: center;\n\t\t\t\twidth: 33%;\n\t\t\t}\n\t\t\t#gallery-2 img {\n\t\t\t\tborder: 2px solid #cfcfcf;\n\t\t\t}\n\t\t\t#gallery-2 .gallery-caption {\n\t\t\t\tmargin-left: 0;\n\t\t\t}\n\t\t\t\/* see gallery_shortcode() in wp-includes\/media.php *\/\n\t\t<\/style>\n\t\t<div id='gallery-2' class='gallery galleryid-2827 gallery-columns-3 gallery-size-thumbnail'><dl class='gallery-item'>\n\t\t\t<dt class='gallery-icon landscape'>\n\t\t\t\t<a href='https:\/\/www.projekt-kirche.de\/?attachment_id=4755'><img loading=\"lazy\" decoding=\"async\" width=\"150\" height=\"150\" src=\"https:\/\/i0.wp.com\/www.projekt-kirche.de\/wp-content\/uploads\/2016\/11\/wp-1478458816141.jpeg?resize=150%2C150&amp;ssl=1\" class=\"attachment-thumbnail size-thumbnail\" alt=\"\" aria-describedby=\"gallery-2-4755\" srcset=\"https:\/\/i0.wp.com\/www.projekt-kirche.de\/wp-content\/uploads\/2016\/11\/wp-1478458816141.jpeg?w=1600&amp;ssl=1 1600w, https:\/\/i0.wp.com\/www.projekt-kirche.de\/wp-content\/uploads\/2016\/11\/wp-1478458816141.jpeg?resize=150%2C150&amp;ssl=1 150w, https:\/\/i0.wp.com\/www.projekt-kirche.de\/wp-content\/uploads\/2016\/11\/wp-1478458816141.jpeg?resize=300%2C300&amp;ssl=1 300w, https:\/\/i0.wp.com\/www.projekt-kirche.de\/wp-content\/uploads\/2016\/11\/wp-1478458816141.jpeg?resize=768%2C768&amp;ssl=1 768w, https:\/\/i0.wp.com\/www.projekt-kirche.de\/wp-content\/uploads\/2016\/11\/wp-1478458816141.jpeg?resize=1024%2C1024&amp;ssl=1 1024w, https:\/\/i0.wp.com\/www.projekt-kirche.de\/wp-content\/uploads\/2016\/11\/wp-1478458816141.jpeg?resize=88%2C88&amp;ssl=1 88w, https:\/\/i0.wp.com\/www.projekt-kirche.de\/wp-content\/uploads\/2016\/11\/wp-1478458816141.jpeg?resize=900%2C900&amp;ssl=1 900w, https:\/\/i0.wp.com\/www.projekt-kirche.de\/wp-content\/uploads\/2016\/11\/wp-1478458816141.jpeg?resize=1280%2C1280&amp;ssl=1 1280w\" sizes=\"auto, (max-width: 150px) 100vw, 150px\" \/><\/a>\n\t\t\t<\/dt>\n\t\t\t\t<dd class='wp-caption-text gallery-caption' id='gallery-2-4755'>\n\t\t\t\tChristus K\u00f6nig Kirche im Farbenglanz\n\t\t\t\t<\/dd><\/dl><dl class='gallery-item'>\n\t\t\t<dt class='gallery-icon portrait'>\n\t\t\t\t<a href='https:\/\/www.projekt-kirche.de\/?attachment_id=4758'><img loading=\"lazy\" decoding=\"async\" width=\"150\" height=\"150\" src=\"https:\/\/i0.wp.com\/www.projekt-kirche.de\/wp-content\/uploads\/2016\/11\/photopictureresizer_161106_194630728-1024x1536.jpg?resize=150%2C150&amp;ssl=1\" class=\"attachment-thumbnail size-thumbnail\" alt=\"\" aria-describedby=\"gallery-2-4758\" srcset=\"https:\/\/i0.wp.com\/www.projekt-kirche.de\/wp-content\/uploads\/2016\/11\/photopictureresizer_161106_194630728-1024x1536.jpg?resize=150%2C150&amp;ssl=1 150w, https:\/\/i0.wp.com\/www.projekt-kirche.de\/wp-content\/uploads\/2016\/11\/photopictureresizer_161106_194630728-1024x1536.jpg?resize=88%2C88&amp;ssl=1 88w, https:\/\/i0.wp.com\/www.projekt-kirche.de\/wp-content\/uploads\/2016\/11\/photopictureresizer_161106_194630728-1024x1536.jpg?zoom=2&amp;resize=150%2C150&amp;ssl=1 300w, https:\/\/i0.wp.com\/www.projekt-kirche.de\/wp-content\/uploads\/2016\/11\/photopictureresizer_161106_194630728-1024x1536.jpg?zoom=3&amp;resize=150%2C150&amp;ssl=1 450w\" sizes=\"auto, (max-width: 150px) 100vw, 150px\" \/><\/a>\n\t\t\t<\/dt>\n\t\t\t\t<dd class='wp-caption-text gallery-caption' id='gallery-2-4758'>\n\t\t\t\tAltar mit Taize Kreuz\n\t\t\t\t<\/dd><\/dl><dl class='gallery-item'>\n\t\t\t<dt class='gallery-icon landscape'>\n\t\t\t\t<a href='https:\/\/www.projekt-kirche.de\/?attachment_id=4753'><img loading=\"lazy\" decoding=\"async\" width=\"150\" height=\"150\" src=\"https:\/\/i0.wp.com\/www.projekt-kirche.de\/wp-content\/uploads\/2016\/11\/wp-1478458738402.jpeg?resize=150%2C150&amp;ssl=1\" class=\"attachment-thumbnail size-thumbnail\" alt=\"\" aria-describedby=\"gallery-2-4753\" srcset=\"https:\/\/i0.wp.com\/www.projekt-kirche.de\/wp-content\/uploads\/2016\/11\/wp-1478458738402.jpeg?w=1600&amp;ssl=1 1600w, https:\/\/i0.wp.com\/www.projekt-kirche.de\/wp-content\/uploads\/2016\/11\/wp-1478458738402.jpeg?resize=150%2C150&amp;ssl=1 150w, https:\/\/i0.wp.com\/www.projekt-kirche.de\/wp-content\/uploads\/2016\/11\/wp-1478458738402.jpeg?resize=300%2C300&amp;ssl=1 300w, https:\/\/i0.wp.com\/www.projekt-kirche.de\/wp-content\/uploads\/2016\/11\/wp-1478458738402.jpeg?resize=768%2C768&amp;ssl=1 768w, https:\/\/i0.wp.com\/www.projekt-kirche.de\/wp-content\/uploads\/2016\/11\/wp-1478458738402.jpeg?resize=1024%2C1024&amp;ssl=1 1024w, https:\/\/i0.wp.com\/www.projekt-kirche.de\/wp-content\/uploads\/2016\/11\/wp-1478458738402.jpeg?resize=88%2C88&amp;ssl=1 88w, https:\/\/i0.wp.com\/www.projekt-kirche.de\/wp-content\/uploads\/2016\/11\/wp-1478458738402.jpeg?resize=900%2C900&amp;ssl=1 900w, https:\/\/i0.wp.com\/www.projekt-kirche.de\/wp-content\/uploads\/2016\/11\/wp-1478458738402.jpeg?resize=1280%2C1280&amp;ssl=1 1280w\" sizes=\"auto, (max-width: 150px) 100vw, 150px\" \/><\/a>\n\t\t\t<\/dt>\n\t\t\t\t<dd class='wp-caption-text gallery-caption' id='gallery-2-4753'>\n\t\t\t\tLobpreisband der Mennoniten-Gemeinde\n\t\t\t\t<\/dd><\/dl><br style=\"clear: both\" \/><dl class='gallery-item'>\n\t\t\t<dt class='gallery-icon landscape'>\n\t\t\t\t<a href='https:\/\/www.projekt-kirche.de\/?attachment_id=4754'><img loading=\"lazy\" decoding=\"async\" width=\"150\" height=\"150\" src=\"https:\/\/i0.wp.com\/www.projekt-kirche.de\/wp-content\/uploads\/2016\/11\/wp-1478458784089.jpeg?resize=150%2C150&amp;ssl=1\" class=\"attachment-thumbnail size-thumbnail\" alt=\"\" aria-describedby=\"gallery-2-4754\" srcset=\"https:\/\/i0.wp.com\/www.projekt-kirche.de\/wp-content\/uploads\/2016\/11\/wp-1478458784089.jpeg?w=1600&amp;ssl=1 1600w, https:\/\/i0.wp.com\/www.projekt-kirche.de\/wp-content\/uploads\/2016\/11\/wp-1478458784089.jpeg?resize=150%2C150&amp;ssl=1 150w, https:\/\/i0.wp.com\/www.projekt-kirche.de\/wp-content\/uploads\/2016\/11\/wp-1478458784089.jpeg?resize=300%2C300&amp;ssl=1 300w, https:\/\/i0.wp.com\/www.projekt-kirche.de\/wp-content\/uploads\/2016\/11\/wp-1478458784089.jpeg?resize=768%2C768&amp;ssl=1 768w, https:\/\/i0.wp.com\/www.projekt-kirche.de\/wp-content\/uploads\/2016\/11\/wp-1478458784089.jpeg?resize=1024%2C1024&amp;ssl=1 1024w, https:\/\/i0.wp.com\/www.projekt-kirche.de\/wp-content\/uploads\/2016\/11\/wp-1478458784089.jpeg?resize=88%2C88&amp;ssl=1 88w, https:\/\/i0.wp.com\/www.projekt-kirche.de\/wp-content\/uploads\/2016\/11\/wp-1478458784089.jpeg?resize=900%2C900&amp;ssl=1 900w, https:\/\/i0.wp.com\/www.projekt-kirche.de\/wp-content\/uploads\/2016\/11\/wp-1478458784089.jpeg?resize=1280%2C1280&amp;ssl=1 1280w\" sizes=\"auto, (max-width: 150px) 100vw, 150px\" \/><\/a>\n\t\t\t<\/dt>\n\t\t\t\t<dd class='wp-caption-text gallery-caption' id='gallery-2-4754'>\n\t\t\t\tBibelverse als Impulse\n\t\t\t\t<\/dd><\/dl><dl class='gallery-item'>\n\t\t\t<dt class='gallery-icon landscape'>\n\t\t\t\t<a href='https:\/\/www.projekt-kirche.de\/?attachment_id=4757'><img loading=\"lazy\" decoding=\"async\" width=\"150\" height=\"150\" src=\"https:\/\/i0.wp.com\/www.projekt-kirche.de\/wp-content\/uploads\/2016\/11\/photopictureresizer_161106_200220256-1024x683.jpg?resize=150%2C150&amp;ssl=1\" class=\"attachment-thumbnail size-thumbnail\" alt=\"\" aria-describedby=\"gallery-2-4757\" srcset=\"https:\/\/i0.wp.com\/www.projekt-kirche.de\/wp-content\/uploads\/2016\/11\/photopictureresizer_161106_200220256-1024x683.jpg?resize=150%2C150&amp;ssl=1 150w, https:\/\/i0.wp.com\/www.projekt-kirche.de\/wp-content\/uploads\/2016\/11\/photopictureresizer_161106_200220256-1024x683.jpg?resize=88%2C88&amp;ssl=1 88w, https:\/\/i0.wp.com\/www.projekt-kirche.de\/wp-content\/uploads\/2016\/11\/photopictureresizer_161106_200220256-1024x683.jpg?zoom=2&amp;resize=150%2C150&amp;ssl=1 300w, https:\/\/i0.wp.com\/www.projekt-kirche.de\/wp-content\/uploads\/2016\/11\/photopictureresizer_161106_200220256-1024x683.jpg?zoom=3&amp;resize=150%2C150&amp;ssl=1 450w\" sizes=\"auto, (max-width: 150px) 100vw, 150px\" \/><\/a>\n\t\t\t<\/dt>\n\t\t\t\t<dd class='wp-caption-text gallery-caption' id='gallery-2-4757'>\n\t\t\t\t\u00d6kumenischer Chor\n\t\t\t\t<\/dd><\/dl><dl class='gallery-item'>\n\t\t\t<dt class='gallery-icon landscape'>\n\t\t\t\t<a href='https:\/\/www.projekt-kirche.de\/?attachment_id=4756'><img loading=\"lazy\" decoding=\"async\" width=\"150\" height=\"150\" src=\"https:\/\/i0.wp.com\/www.projekt-kirche.de\/wp-content\/uploads\/2016\/11\/photopictureresizer_161106_200255190-1024x575.jpg?resize=150%2C150&amp;ssl=1\" class=\"attachment-thumbnail size-thumbnail\" alt=\"\" aria-describedby=\"gallery-2-4756\" srcset=\"https:\/\/i0.wp.com\/www.projekt-kirche.de\/wp-content\/uploads\/2016\/11\/photopictureresizer_161106_200255190-1024x575.jpg?resize=150%2C150&amp;ssl=1 150w, https:\/\/i0.wp.com\/www.projekt-kirche.de\/wp-content\/uploads\/2016\/11\/photopictureresizer_161106_200255190-1024x575.jpg?resize=88%2C88&amp;ssl=1 88w, https:\/\/i0.wp.com\/www.projekt-kirche.de\/wp-content\/uploads\/2016\/11\/photopictureresizer_161106_200255190-1024x575.jpg?zoom=2&amp;resize=150%2C150&amp;ssl=1 300w, https:\/\/i0.wp.com\/www.projekt-kirche.de\/wp-content\/uploads\/2016\/11\/photopictureresizer_161106_200255190-1024x575.jpg?zoom=3&amp;resize=150%2C150&amp;ssl=1 450w\" sizes=\"auto, (max-width: 150px) 100vw, 150px\" \/><\/a>\n\t\t\t<\/dt>\n\t\t\t\t<dd class='wp-caption-text gallery-caption' id='gallery-2-4756'>\n\t\t\t\tAbschluss Lobpreisabend\n\t\t\t\t<\/dd><\/dl><br style=\"clear: both\" \/>\n\t\t<\/div>\n\n<p><strong>Multimedia-Vortrag \u201eTagebuch eines Jerusalem Pilgers\u201c 2016<\/strong><\/p>\n<p><img data-recalc-dims=\"1\" loading=\"lazy\" decoding=\"async\" class=\"alignnone size-medium wp-image-9336\" src=\"https:\/\/i0.wp.com\/www.projekt-kirche.de\/wp-content\/uploads\/2022\/05\/Flyer-fellbach-Medium.jpg?resize=213%2C300&#038;ssl=1\" alt=\"\" width=\"213\" height=\"300\" srcset=\"https:\/\/i0.wp.com\/www.projekt-kirche.de\/wp-content\/uploads\/2022\/05\/Flyer-fellbach-Medium.jpg?resize=213%2C300&amp;ssl=1 213w, https:\/\/i0.wp.com\/www.projekt-kirche.de\/wp-content\/uploads\/2022\/05\/Flyer-fellbach-Medium.jpg?resize=728%2C1024&amp;ssl=1 728w, https:\/\/i0.wp.com\/www.projekt-kirche.de\/wp-content\/uploads\/2022\/05\/Flyer-fellbach-Medium.jpg?w=768&amp;ssl=1 768w\" sizes=\"auto, (max-width: 213px) 100vw, 213px\" \/><\/p>\n<p><strong>\u00d6kumenischer Lobpreisabend Oeffingen Oktober 2015<\/strong><\/p>\n\n\t\t<style type=\"text\/css\">\n\t\t\t#gallery-3 {\n\t\t\t\tmargin: auto;\n\t\t\t}\n\t\t\t#gallery-3 .gallery-item {\n\t\t\t\tfloat: left;\n\t\t\t\tmargin-top: 10px;\n\t\t\t\ttext-align: center;\n\t\t\t\twidth: 33%;\n\t\t\t}\n\t\t\t#gallery-3 img {\n\t\t\t\tborder: 2px solid #cfcfcf;\n\t\t\t}\n\t\t\t#gallery-3 .gallery-caption {\n\t\t\t\tmargin-left: 0;\n\t\t\t}\n\t\t\t\/* see gallery_shortcode() in wp-includes\/media.php *\/\n\t\t<\/style>\n\t\t<div id='gallery-3' class='gallery galleryid-2827 gallery-columns-3 gallery-size-thumbnail'><dl class='gallery-item'>\n\t\t\t<dt class='gallery-icon portrait'>\n\t\t\t\t<a href='https:\/\/www.projekt-kirche.de\/?attachment_id=4382'><img loading=\"lazy\" decoding=\"async\" width=\"150\" height=\"150\" src=\"https:\/\/i0.wp.com\/www.projekt-kirche.de\/wp-content\/uploads\/2015\/11\/img_7440-medium.jpg?resize=150%2C150&amp;ssl=1\" class=\"attachment-thumbnail size-thumbnail\" alt=\"\" aria-describedby=\"gallery-3-4382\" srcset=\"https:\/\/i0.wp.com\/www.projekt-kirche.de\/wp-content\/uploads\/2015\/11\/img_7440-medium.jpg?resize=150%2C150&amp;ssl=1 150w, https:\/\/i0.wp.com\/www.projekt-kirche.de\/wp-content\/uploads\/2015\/11\/img_7440-medium.jpg?resize=88%2C88&amp;ssl=1 88w, https:\/\/i0.wp.com\/www.projekt-kirche.de\/wp-content\/uploads\/2015\/11\/img_7440-medium.jpg?zoom=2&amp;resize=150%2C150&amp;ssl=1 300w, https:\/\/i0.wp.com\/www.projekt-kirche.de\/wp-content\/uploads\/2015\/11\/img_7440-medium.jpg?zoom=3&amp;resize=150%2C150&amp;ssl=1 450w\" sizes=\"auto, (max-width: 150px) 100vw, 150px\" \/><\/a>\n\t\t\t<\/dt>\n\t\t\t\t<dd class='wp-caption-text gallery-caption' id='gallery-3-4382'>\n\t\t\t\tBegr\u00fc\u00dfung\n\t\t\t\t<\/dd><\/dl><dl class='gallery-item'>\n\t\t\t<dt class='gallery-icon landscape'>\n\t\t\t\t<a href='https:\/\/www.projekt-kirche.de\/?attachment_id=4301'><img loading=\"lazy\" decoding=\"async\" width=\"150\" height=\"150\" src=\"https:\/\/i0.wp.com\/www.projekt-kirche.de\/wp-content\/uploads\/2015\/11\/img_7447-large.jpg?resize=150%2C150&amp;ssl=1\" class=\"attachment-thumbnail size-thumbnail\" alt=\"\" aria-describedby=\"gallery-3-4301\" srcset=\"https:\/\/i0.wp.com\/www.projekt-kirche.de\/wp-content\/uploads\/2015\/11\/img_7447-large.jpg?resize=150%2C150&amp;ssl=1 150w, https:\/\/i0.wp.com\/www.projekt-kirche.de\/wp-content\/uploads\/2015\/11\/img_7447-large.jpg?resize=88%2C88&amp;ssl=1 88w, https:\/\/i0.wp.com\/www.projekt-kirche.de\/wp-content\/uploads\/2015\/11\/img_7447-large.jpg?zoom=2&amp;resize=150%2C150&amp;ssl=1 300w, https:\/\/i0.wp.com\/www.projekt-kirche.de\/wp-content\/uploads\/2015\/11\/img_7447-large.jpg?zoom=3&amp;resize=150%2C150&amp;ssl=1 450w\" sizes=\"auto, (max-width: 150px) 100vw, 150px\" \/><\/a>\n\t\t\t<\/dt>\n\t\t\t\t<dd class='wp-caption-text gallery-caption' id='gallery-3-4301'>\n\t\t\t\tThema Liebe (zu Gott)\n\t\t\t\t<\/dd><\/dl><dl class='gallery-item'>\n\t\t\t<dt class='gallery-icon landscape'>\n\t\t\t\t<a href='https:\/\/www.projekt-kirche.de\/?attachment_id=4297'><img loading=\"lazy\" decoding=\"async\" width=\"150\" height=\"150\" src=\"https:\/\/i0.wp.com\/www.projekt-kirche.de\/wp-content\/uploads\/2015\/11\/img_7443-large.jpg?resize=150%2C150&amp;ssl=1\" class=\"attachment-thumbnail size-thumbnail\" alt=\"\" aria-describedby=\"gallery-3-4297\" srcset=\"https:\/\/i0.wp.com\/www.projekt-kirche.de\/wp-content\/uploads\/2015\/11\/img_7443-large.jpg?resize=150%2C150&amp;ssl=1 150w, https:\/\/i0.wp.com\/www.projekt-kirche.de\/wp-content\/uploads\/2015\/11\/img_7443-large.jpg?resize=88%2C88&amp;ssl=1 88w, https:\/\/i0.wp.com\/www.projekt-kirche.de\/wp-content\/uploads\/2015\/11\/img_7443-large.jpg?zoom=2&amp;resize=150%2C150&amp;ssl=1 300w, https:\/\/i0.wp.com\/www.projekt-kirche.de\/wp-content\/uploads\/2015\/11\/img_7443-large.jpg?zoom=3&amp;resize=150%2C150&amp;ssl=1 450w\" sizes=\"auto, (max-width: 150px) 100vw, 150px\" \/><\/a>\n\t\t\t<\/dt>\n\t\t\t\t<dd class='wp-caption-text gallery-caption' id='gallery-3-4297'>\n\t\t\t\tFarbig beleuchtete Kirche\n\t\t\t\t<\/dd><\/dl><br style=\"clear: both\" \/><dl class='gallery-item'>\n\t\t\t<dt class='gallery-icon landscape'>\n\t\t\t\t<a href='https:\/\/www.projekt-kirche.de\/?attachment_id=4383'><img loading=\"lazy\" decoding=\"async\" width=\"150\" height=\"150\" src=\"https:\/\/i0.wp.com\/www.projekt-kirche.de\/wp-content\/uploads\/2015\/11\/img_7453-medium.jpg?resize=150%2C150&amp;ssl=1\" class=\"attachment-thumbnail size-thumbnail\" alt=\"\" aria-describedby=\"gallery-3-4383\" srcset=\"https:\/\/i0.wp.com\/www.projekt-kirche.de\/wp-content\/uploads\/2015\/11\/img_7453-medium.jpg?resize=150%2C150&amp;ssl=1 150w, https:\/\/i0.wp.com\/www.projekt-kirche.de\/wp-content\/uploads\/2015\/11\/img_7453-medium.jpg?resize=88%2C88&amp;ssl=1 88w, https:\/\/i0.wp.com\/www.projekt-kirche.de\/wp-content\/uploads\/2015\/11\/img_7453-medium.jpg?zoom=2&amp;resize=150%2C150&amp;ssl=1 300w, https:\/\/i0.wp.com\/www.projekt-kirche.de\/wp-content\/uploads\/2015\/11\/img_7453-medium.jpg?zoom=3&amp;resize=150%2C150&amp;ssl=1 450w\" sizes=\"auto, (max-width: 150px) 100vw, 150px\" \/><\/a>\n\t\t\t<\/dt>\n\t\t\t\t<dd class='wp-caption-text gallery-caption' id='gallery-3-4383'>\n\t\t\t\tAbschluss\n\t\t\t\t<\/dd><\/dl>\n\t\t\t<br style='clear: both' \/>\n\t\t<\/div>\n\n<p><strong>Lobpreisgottesdienst Oeffingen M\u00e4rz 2015<br \/><\/strong><\/p>\n\n\t\t<style type=\"text\/css\">\n\t\t\t#gallery-4 {\n\t\t\t\tmargin: auto;\n\t\t\t}\n\t\t\t#gallery-4 .gallery-item {\n\t\t\t\tfloat: left;\n\t\t\t\tmargin-top: 10px;\n\t\t\t\ttext-align: center;\n\t\t\t\twidth: 33%;\n\t\t\t}\n\t\t\t#gallery-4 img {\n\t\t\t\tborder: 2px solid #cfcfcf;\n\t\t\t}\n\t\t\t#gallery-4 .gallery-caption {\n\t\t\t\tmargin-left: 0;\n\t\t\t}\n\t\t\t\/* see gallery_shortcode() in wp-includes\/media.php *\/\n\t\t<\/style>\n\t\t<div id='gallery-4' class='gallery galleryid-2827 gallery-columns-3 gallery-size-thumbnail'><dl class='gallery-item'>\n\t\t\t<dt class='gallery-icon landscape'>\n\t\t\t\t<a href='https:\/\/www.projekt-kirche.de\/?attachment_id=3644'><img loading=\"lazy\" decoding=\"async\" width=\"150\" height=\"150\" src=\"https:\/\/i0.wp.com\/www.projekt-kirche.de\/wp-content\/uploads\/2015\/03\/flyer-lobpreis-abendgottesdienst_1-4_2015-03-05-e1426442818737.png?resize=150%2C150&amp;ssl=1\" class=\"attachment-thumbnail size-thumbnail\" alt=\"\" aria-describedby=\"gallery-4-3644\" srcset=\"https:\/\/i0.wp.com\/www.projekt-kirche.de\/wp-content\/uploads\/2015\/03\/flyer-lobpreis-abendgottesdienst_1-4_2015-03-05-e1426442818737.png?resize=150%2C150&amp;ssl=1 150w, https:\/\/i0.wp.com\/www.projekt-kirche.de\/wp-content\/uploads\/2015\/03\/flyer-lobpreis-abendgottesdienst_1-4_2015-03-05-e1426442818737.png?resize=88%2C88&amp;ssl=1 88w, https:\/\/i0.wp.com\/www.projekt-kirche.de\/wp-content\/uploads\/2015\/03\/flyer-lobpreis-abendgottesdienst_1-4_2015-03-05-e1426442818737.png?zoom=2&amp;resize=150%2C150&amp;ssl=1 300w, https:\/\/i0.wp.com\/www.projekt-kirche.de\/wp-content\/uploads\/2015\/03\/flyer-lobpreis-abendgottesdienst_1-4_2015-03-05-e1426442818737.png?zoom=3&amp;resize=150%2C150&amp;ssl=1 450w\" sizes=\"auto, (max-width: 150px) 100vw, 150px\" \/><\/a>\n\t\t\t<\/dt>\n\t\t\t\t<dd class='wp-caption-text gallery-caption' id='gallery-4-3644'>\n\t\t\t\tEinladung\n\t\t\t\t<\/dd><\/dl><dl class='gallery-item'>\n\t\t\t<dt class='gallery-icon landscape'>\n\t\t\t\t<a href='https:\/\/www.projekt-kirche.de\/?attachment_id=3649'><img loading=\"lazy\" decoding=\"async\" width=\"150\" height=\"150\" src=\"https:\/\/i0.wp.com\/www.projekt-kirche.de\/wp-content\/uploads\/2015\/03\/img_20150314_200628-e1426442799767.jpg?resize=150%2C150&amp;ssl=1\" class=\"attachment-thumbnail size-thumbnail\" alt=\"\" aria-describedby=\"gallery-4-3649\" srcset=\"https:\/\/i0.wp.com\/www.projekt-kirche.de\/wp-content\/uploads\/2015\/03\/img_20150314_200628-e1426442799767.jpg?resize=150%2C150&amp;ssl=1 150w, https:\/\/i0.wp.com\/www.projekt-kirche.de\/wp-content\/uploads\/2015\/03\/img_20150314_200628-e1426442799767.jpg?resize=88%2C88&amp;ssl=1 88w, https:\/\/i0.wp.com\/www.projekt-kirche.de\/wp-content\/uploads\/2015\/03\/img_20150314_200628-e1426442799767.jpg?zoom=2&amp;resize=150%2C150&amp;ssl=1 300w, https:\/\/i0.wp.com\/www.projekt-kirche.de\/wp-content\/uploads\/2015\/03\/img_20150314_200628-e1426442799767.jpg?zoom=3&amp;resize=150%2C150&amp;ssl=1 450w\" sizes=\"auto, (max-width: 150px) 100vw, 150px\" \/><\/a>\n\t\t\t<\/dt>\n\t\t\t\t<dd class='wp-caption-text gallery-caption' id='gallery-4-3649'>\n\t\t\t\tEndes des Gottesdienstes\n\t\t\t\t<\/dd><\/dl>\n\t\t\t<br style='clear: both' \/>\n\t\t<\/div>\n\n<p><strong>Kindergottesdienste 2012-2015<\/strong><\/p>\n\n\t\t<style type=\"text\/css\">\n\t\t\t#gallery-5 {\n\t\t\t\tmargin: auto;\n\t\t\t}\n\t\t\t#gallery-5 .gallery-item {\n\t\t\t\tfloat: left;\n\t\t\t\tmargin-top: 10px;\n\t\t\t\ttext-align: center;\n\t\t\t\twidth: 33%;\n\t\t\t}\n\t\t\t#gallery-5 img {\n\t\t\t\tborder: 2px solid #cfcfcf;\n\t\t\t}\n\t\t\t#gallery-5 .gallery-caption {\n\t\t\t\tmargin-left: 0;\n\t\t\t}\n\t\t\t\/* see gallery_shortcode() in wp-includes\/media.php *\/\n\t\t<\/style>\n\t\t<div id='gallery-5' class='gallery galleryid-2827 gallery-columns-3 gallery-size-thumbnail'><dl class='gallery-item'>\n\t\t\t<dt class='gallery-icon landscape'>\n\t\t\t\t<a href='https:\/\/www.projekt-kirche.de\/?attachment_id=2534'><img loading=\"lazy\" decoding=\"async\" width=\"150\" height=\"150\" src=\"https:\/\/i0.wp.com\/www.projekt-kirche.de\/wp-content\/uploads\/2014\/08\/img_20140810_150833_k.jpg?resize=150%2C150&amp;ssl=1\" class=\"attachment-thumbnail size-thumbnail\" alt=\"\" aria-describedby=\"gallery-5-2534\" srcset=\"https:\/\/i0.wp.com\/www.projekt-kirche.de\/wp-content\/uploads\/2014\/08\/img_20140810_150833_k.jpg?resize=150%2C150&amp;ssl=1 150w, https:\/\/i0.wp.com\/www.projekt-kirche.de\/wp-content\/uploads\/2014\/08\/img_20140810_150833_k.jpg?resize=88%2C88&amp;ssl=1 88w, https:\/\/i0.wp.com\/www.projekt-kirche.de\/wp-content\/uploads\/2014\/08\/img_20140810_150833_k.jpg?zoom=2&amp;resize=150%2C150&amp;ssl=1 300w, https:\/\/i0.wp.com\/www.projekt-kirche.de\/wp-content\/uploads\/2014\/08\/img_20140810_150833_k.jpg?zoom=3&amp;resize=150%2C150&amp;ssl=1 450w\" sizes=\"auto, (max-width: 150px) 100vw, 150px\" \/><\/a>\n\t\t\t<\/dt>\n\t\t\t\t<dd class='wp-caption-text gallery-caption' id='gallery-5-2534'>\n\t\t\t\tJesus rettet Petrus aus dem Wasser (Oeffingen 2014)\n\t\t\t\t<\/dd><\/dl><dl class='gallery-item'>\n\t\t\t<dt class='gallery-icon landscape'>\n\t\t\t\t<a href='https:\/\/www.projekt-kirche.de\/?attachment_id=2533'><img loading=\"lazy\" decoding=\"async\" width=\"150\" height=\"150\" src=\"https:\/\/i0.wp.com\/www.projekt-kirche.de\/wp-content\/uploads\/2014\/08\/img_20140810_143604-e1407677627189.jpg?resize=150%2C150&amp;ssl=1\" class=\"attachment-thumbnail size-thumbnail\" alt=\"\" aria-describedby=\"gallery-5-2533\" srcset=\"https:\/\/i0.wp.com\/www.projekt-kirche.de\/wp-content\/uploads\/2014\/08\/img_20140810_143604-e1407677627189.jpg?resize=150%2C150&amp;ssl=1 150w, https:\/\/i0.wp.com\/www.projekt-kirche.de\/wp-content\/uploads\/2014\/08\/img_20140810_143604-e1407677627189.jpg?resize=88%2C88&amp;ssl=1 88w, https:\/\/i0.wp.com\/www.projekt-kirche.de\/wp-content\/uploads\/2014\/08\/img_20140810_143604-e1407677627189.jpg?zoom=2&amp;resize=150%2C150&amp;ssl=1 300w, https:\/\/i0.wp.com\/www.projekt-kirche.de\/wp-content\/uploads\/2014\/08\/img_20140810_143604-e1407677627189.jpg?zoom=3&amp;resize=150%2C150&amp;ssl=1 450w\" sizes=\"auto, (max-width: 150px) 100vw, 150px\" \/><\/a>\n\t\t\t<\/dt>\n\t\t\t\t<dd class='wp-caption-text gallery-caption' id='gallery-5-2533'>\n\t\t\t\tTisch-Deko f\u00fcr Pfarrcaf\u00e9 (Oeffingen 2014)\n\t\t\t\t<\/dd><\/dl><dl class='gallery-item'>\n\t\t\t<dt class='gallery-icon landscape'>\n\t\t\t\t<a href='https:\/\/www.projekt-kirche.de\/?attachment_id=2532'><img loading=\"lazy\" decoding=\"async\" width=\"150\" height=\"150\" src=\"https:\/\/i0.wp.com\/www.projekt-kirche.de\/wp-content\/uploads\/2014\/08\/img_7688.jpg?resize=150%2C150&amp;ssl=1\" class=\"attachment-thumbnail size-thumbnail\" alt=\"\" aria-describedby=\"gallery-5-2532\" srcset=\"https:\/\/i0.wp.com\/www.projekt-kirche.de\/wp-content\/uploads\/2014\/08\/img_7688.jpg?resize=150%2C150&amp;ssl=1 150w, https:\/\/i0.wp.com\/www.projekt-kirche.de\/wp-content\/uploads\/2014\/08\/img_7688.jpg?resize=88%2C88&amp;ssl=1 88w, https:\/\/i0.wp.com\/www.projekt-kirche.de\/wp-content\/uploads\/2014\/08\/img_7688.jpg?zoom=2&amp;resize=150%2C150&amp;ssl=1 300w, https:\/\/i0.wp.com\/www.projekt-kirche.de\/wp-content\/uploads\/2014\/08\/img_7688.jpg?zoom=3&amp;resize=150%2C150&amp;ssl=1 450w\" sizes=\"auto, (max-width: 150px) 100vw, 150px\" \/><\/a>\n\t\t\t<\/dt>\n\t\t\t\t<dd class='wp-caption-text gallery-caption' id='gallery-5-2532'>\n\t\t\t\t&#8220;KiGo-Altar&#8221; mit Landkarte (Oeffingen 2014)\n\t\t\t\t<\/dd><\/dl><br style=\"clear: both\" \/><dl class='gallery-item'>\n\t\t\t<dt class='gallery-icon landscape'>\n\t\t\t\t<a href='https:\/\/www.projekt-kirche.de\/?attachment_id=3723'><img loading=\"lazy\" decoding=\"async\" width=\"150\" height=\"150\" src=\"https:\/\/i0.wp.com\/www.projekt-kirche.de\/wp-content\/uploads\/2015\/07\/wpid-wp-1436201171805.jpeg?resize=150%2C150&amp;ssl=1\" class=\"attachment-thumbnail size-thumbnail\" alt=\"\" aria-describedby=\"gallery-5-3723\" srcset=\"https:\/\/i0.wp.com\/www.projekt-kirche.de\/wp-content\/uploads\/2015\/07\/wpid-wp-1436201171805.jpeg?resize=150%2C150&amp;ssl=1 150w, https:\/\/i0.wp.com\/www.projekt-kirche.de\/wp-content\/uploads\/2015\/07\/wpid-wp-1436201171805.jpeg?resize=88%2C88&amp;ssl=1 88w, https:\/\/i0.wp.com\/www.projekt-kirche.de\/wp-content\/uploads\/2015\/07\/wpid-wp-1436201171805.jpeg?zoom=2&amp;resize=150%2C150&amp;ssl=1 300w, https:\/\/i0.wp.com\/www.projekt-kirche.de\/wp-content\/uploads\/2015\/07\/wpid-wp-1436201171805.jpeg?zoom=3&amp;resize=150%2C150&amp;ssl=1 450w\" sizes=\"auto, (max-width: 150px) 100vw, 150px\" \/><\/a>\n\t\t\t<\/dt>\n\t\t\t\t<dd class='wp-caption-text gallery-caption' id='gallery-5-3723'>\n\t\t\t\t1. \u00d6kumenischer KiGo (Oeffingen 2015)\n\t\t\t\t<\/dd><\/dl><dl class='gallery-item'>\n\t\t\t<dt class='gallery-icon landscape'>\n\t\t\t\t<a href='https:\/\/www.projekt-kirche.de\/?attachment_id=6822'><img loading=\"lazy\" decoding=\"async\" width=\"150\" height=\"150\" src=\"https:\/\/i0.wp.com\/www.projekt-kirche.de\/wp-content\/uploads\/2019\/01\/DSCN0474_20120422_010_v1.jpg?resize=150%2C150&amp;ssl=1\" class=\"attachment-thumbnail size-thumbnail\" alt=\"\" aria-describedby=\"gallery-5-6822\" srcset=\"https:\/\/i0.wp.com\/www.projekt-kirche.de\/wp-content\/uploads\/2019\/01\/DSCN0474_20120422_010_v1.jpg?resize=150%2C150&amp;ssl=1 150w, https:\/\/i0.wp.com\/www.projekt-kirche.de\/wp-content\/uploads\/2019\/01\/DSCN0474_20120422_010_v1.jpg?resize=88%2C88&amp;ssl=1 88w, https:\/\/i0.wp.com\/www.projekt-kirche.de\/wp-content\/uploads\/2019\/01\/DSCN0474_20120422_010_v1.jpg?zoom=2&amp;resize=150%2C150&amp;ssl=1 300w, https:\/\/i0.wp.com\/www.projekt-kirche.de\/wp-content\/uploads\/2019\/01\/DSCN0474_20120422_010_v1.jpg?zoom=3&amp;resize=150%2C150&amp;ssl=1 450w\" sizes=\"auto, (max-width: 150px) 100vw, 150px\" \/><\/a>\n\t\t\t<\/dt>\n\t\t\t\t<dd class='wp-caption-text gallery-caption' id='gallery-5-6822'>\n\t\t\t\tLesung beim Kindergottesdienst (M\u00fcnchen 2012)\n\t\t\t\t<\/dd><\/dl><dl class='gallery-item'>\n\t\t\t<dt class='gallery-icon landscape'>\n\t\t\t\t<a href='https:\/\/www.projekt-kirche.de\/?attachment_id=6823'><img loading=\"lazy\" decoding=\"async\" width=\"150\" height=\"150\" src=\"https:\/\/i0.wp.com\/www.projekt-kirche.de\/wp-content\/uploads\/2019\/01\/JPEG_20190106_184324_1573449808.jpg?resize=150%2C150&amp;ssl=1\" class=\"attachment-thumbnail size-thumbnail\" alt=\"\" aria-describedby=\"gallery-5-6823\" srcset=\"https:\/\/i0.wp.com\/www.projekt-kirche.de\/wp-content\/uploads\/2019\/01\/JPEG_20190106_184324_1573449808.jpg?w=2432&amp;ssl=1 2432w, https:\/\/i0.wp.com\/www.projekt-kirche.de\/wp-content\/uploads\/2019\/01\/JPEG_20190106_184324_1573449808.jpg?resize=150%2C150&amp;ssl=1 150w, https:\/\/i0.wp.com\/www.projekt-kirche.de\/wp-content\/uploads\/2019\/01\/JPEG_20190106_184324_1573449808.jpg?resize=300%2C297&amp;ssl=1 300w, https:\/\/i0.wp.com\/www.projekt-kirche.de\/wp-content\/uploads\/2019\/01\/JPEG_20190106_184324_1573449808.jpg?resize=768%2C761&amp;ssl=1 768w, https:\/\/i0.wp.com\/www.projekt-kirche.de\/wp-content\/uploads\/2019\/01\/JPEG_20190106_184324_1573449808.jpg?resize=1024%2C1014&amp;ssl=1 1024w, https:\/\/i0.wp.com\/www.projekt-kirche.de\/wp-content\/uploads\/2019\/01\/JPEG_20190106_184324_1573449808.jpg?resize=88%2C88&amp;ssl=1 88w, https:\/\/i0.wp.com\/www.projekt-kirche.de\/wp-content\/uploads\/2019\/01\/JPEG_20190106_184324_1573449808.jpg?resize=900%2C891&amp;ssl=1 900w, https:\/\/i0.wp.com\/www.projekt-kirche.de\/wp-content\/uploads\/2019\/01\/JPEG_20190106_184324_1573449808.jpg?resize=1280%2C1268&amp;ssl=1 1280w, https:\/\/i0.wp.com\/www.projekt-kirche.de\/wp-content\/uploads\/2019\/01\/JPEG_20190106_184324_1573449808.jpg?w=1887&amp;ssl=1 1887w\" sizes=\"auto, (max-width: 150px) 100vw, 150px\" \/><\/a>\n\t\t\t<\/dt>\n\t\t\t\t<dd class='wp-caption-text gallery-caption' id='gallery-5-6823'>\n\t\t\t\tTanzen beim Singen  (M\u00fcnchen 2012)\n\t\t\t\t<\/dd><\/dl><br style=\"clear: both\" \/><dl class='gallery-item'>\n\t\t\t<dt class='gallery-icon landscape'>\n\t\t\t\t<a href='https:\/\/www.projekt-kirche.de\/?attachment_id=6824'><img loading=\"lazy\" decoding=\"async\" width=\"150\" height=\"150\" src=\"https:\/\/i0.wp.com\/www.projekt-kirche.de\/wp-content\/uploads\/2019\/01\/JPEG_20190106_184424_1064743067.jpg?resize=150%2C150&amp;ssl=1\" class=\"attachment-thumbnail size-thumbnail\" alt=\"\" aria-describedby=\"gallery-5-6824\" srcset=\"https:\/\/i0.wp.com\/www.projekt-kirche.de\/wp-content\/uploads\/2019\/01\/JPEG_20190106_184424_1064743067.jpg?resize=150%2C150&amp;ssl=1 150w, https:\/\/i0.wp.com\/www.projekt-kirche.de\/wp-content\/uploads\/2019\/01\/JPEG_20190106_184424_1064743067.jpg?resize=88%2C88&amp;ssl=1 88w, https:\/\/i0.wp.com\/www.projekt-kirche.de\/wp-content\/uploads\/2019\/01\/JPEG_20190106_184424_1064743067.jpg?zoom=2&amp;resize=150%2C150&amp;ssl=1 300w, https:\/\/i0.wp.com\/www.projekt-kirche.de\/wp-content\/uploads\/2019\/01\/JPEG_20190106_184424_1064743067.jpg?zoom=3&amp;resize=150%2C150&amp;ssl=1 450w\" sizes=\"auto, (max-width: 150px) 100vw, 150px\" \/><\/a>\n\t\t\t<\/dt>\n\t\t\t\t<dd class='wp-caption-text gallery-caption' id='gallery-5-6824'>\n\t\t\t\tFragen beantworten (M\u00fcnchen 2012)\n\t\t\t\t<\/dd><\/dl><dl class='gallery-item'>\n\t\t\t<dt class='gallery-icon landscape'>\n\t\t\t\t<a href='https:\/\/www.projekt-kirche.de\/?attachment_id=6825'><img loading=\"lazy\" decoding=\"async\" width=\"150\" height=\"150\" src=\"https:\/\/i0.wp.com\/www.projekt-kirche.de\/wp-content\/uploads\/2019\/01\/JPEG_20190106_184508_601950999.jpg?resize=150%2C150&amp;ssl=1\" class=\"attachment-thumbnail size-thumbnail\" alt=\"\" aria-describedby=\"gallery-5-6825\" srcset=\"https:\/\/i0.wp.com\/www.projekt-kirche.de\/wp-content\/uploads\/2019\/01\/JPEG_20190106_184508_601950999.jpg?resize=150%2C150&amp;ssl=1 150w, https:\/\/i0.wp.com\/www.projekt-kirche.de\/wp-content\/uploads\/2019\/01\/JPEG_20190106_184508_601950999.jpg?resize=88%2C88&amp;ssl=1 88w, https:\/\/i0.wp.com\/www.projekt-kirche.de\/wp-content\/uploads\/2019\/01\/JPEG_20190106_184508_601950999.jpg?zoom=2&amp;resize=150%2C150&amp;ssl=1 300w, https:\/\/i0.wp.com\/www.projekt-kirche.de\/wp-content\/uploads\/2019\/01\/JPEG_20190106_184508_601950999.jpg?zoom=3&amp;resize=150%2C150&amp;ssl=1 450w\" sizes=\"auto, (max-width: 150px) 100vw, 150px\" \/><\/a>\n\t\t\t<\/dt>\n\t\t\t\t<dd class='wp-caption-text gallery-caption' id='gallery-5-6825'>\n\t\t\t\tDie Bibel erkl\u00e4rt f\u00fcr Kinder (M\u00fcnchen 2012)\n\t\t\t\t<\/dd><\/dl>\n\t\t\t<br style='clear: both' \/>\n\t\t<\/div>\n","protected":false},"excerpt":{"rendered":"<p>Eat Sing Pray (2022) Was bist Du Mensch? 5 Fragen zum katholischen Priestertum (2022) Eat Sing Pray (2021) Eat Sing Pray (2020) Ps 27 &#8211; Andacht um 8 (2019) home|base Projektgemeinde&nbsp;(ab 2019) Alphakurs 2018 Eat Sing Pray 2018\/2019 Eat Sing Pray&nbsp;2017 2.&nbsp;\u00d6kumenischer Lobpreisabend Oeffingen 2016 Multimedia-Vortrag \u201eTagebuch eines Jerusalem Pilgers\u201c 2016 \u00d6kumenischer Lobpreisabend Oeffingen Oktober [&hellip;]<\/p>\n","protected":false},"author":1,"featured_media":0,"parent":0,"menu_order":0,"comment_status":"open","ping_status":"open","template":"","meta":{"jetpack_post_was_ever_published":false,"footnotes":""},"class_list":["post-2827","page","type-page","status-publish","hentry"],"jetpack_shortlink":"https:\/\/wp.me\/P4Sdv6-JB","jetpack_sharing_enabled":true,"_links":{"self":[{"href":"https:\/\/www.projekt-kirche.de\/index.php?rest_route=\/wp\/v2\/pages\/2827","targetHints":{"allow":["GET"]}}],"collection":[{"href":"https:\/\/www.projekt-kirche.de\/index.php?rest_route=\/wp\/v2\/pages"}],"about":[{"href":"https:\/\/www.projekt-kirche.de\/index.php?rest_route=\/wp\/v2\/types\/page"}],"author":[{"embeddable":true,"href":"https:\/\/www.projekt-kirche.de\/index.php?rest_route=\/wp\/v2\/users\/1"}],"replies":[{"embeddable":true,"href":"https:\/\/www.projekt-kirche.de\/index.php?rest_route=%2Fwp%2Fv2%2Fcomments&post=2827"}],"version-history":[{"count":40,"href":"https:\/\/www.projekt-kirche.de\/index.php?rest_route=\/wp\/v2\/pages\/2827\/revisions"}],"predecessor-version":[{"id":9458,"href":"https:\/\/www.projekt-kirche.de\/index.php?rest_route=\/wp\/v2\/pages\/2827\/revisions\/9458"}],"wp:attachment":[{"href":"https:\/\/www.projekt-kirche.de\/index.php?rest_route=%2Fwp%2Fv2%2Fmedia&parent=2827"}],"curies":[{"name":"wp","href":"https:\/\/api.w.org\/{rel}","templated":true}]}}