{"id":3267,"date":"2015-01-06T07:41:41","date_gmt":"2015-01-06T06:41:41","guid":{"rendered":"http:\/\/blog.projekt-kirche.de\/?page_id=3267"},"modified":"2022-11-01T13:30:30","modified_gmt":"2022-11-01T12:30:30","slug":"leitgedanken","status":"publish","type":"page","link":"https:\/\/www.projekt-kirche.de\/?page_id=3267","title":{"rendered":"Leitgedanken"},"content":{"rendered":"<div class=\"shariff\" data-title=\"Leitgedanken\" data-info-url=\"http:\/\/ct.de\/-2467514\" data-backend-url=\"https:\/\/www.projekt-kirche.de\/wp-content\/plugins\/shariff-sharing\/backend\/index.php\" data-temp=\"\/tmp\" data-ttl=\"60\" data-service=\"gftr\" data-services='[\"googleplus\",\"facebook\",\"twitter\",\"reddit\",\"info\"]' data-image=\"\" data-url=\"https:\/\/www.projekt-kirche.de\/?page_id=3267\" data-lang=\"de\" data-theme=\"colored\" data-orientation=\"horizontal\"><\/div><p>Als Leitgedanken zu diesem Projekt m\u00f6chte ich den <span style=\"color:#333333\">Apostel<\/span><span class=\"tooltips \" style=\"\" title=\"Mit Apostel ist Botschafter oder Gesandter gemeint. In diesem Fall ein von Jesus Christus pers\u00f6nlich beauftragter Botschafter.\"><span style=\"color:#808080\"><img data-recalc-dims=\"1\" decoding=\"async\" src=\"https:\/\/i0.wp.com\/www.projekt-kirche.de\/wp-content\/uploads\/2015\/01\/infosymbol_web.jpg?w=629\" alt=\"\" \/><\/span><\/span>\u00a0Paulus zitieren. Er schrieb vor ann\u00e4hernd 2000 Jahren in einem Brief an die Christen der Gemeinde in\u00a0Korinth<span class=\"tooltips \" style=\"\" title=\"Die Gemeinde in Korinth hatte einige Probleme bzgl. Streitigkeiten, Parteiungen, geistlicher Hochn\u00e4sigkeit und mangelnder Liebe.\"><span style=\"color:#333333\"><a class=\"nof-navPositioning\"><img data-recalc-dims=\"1\" decoding=\"async\" src=\"https:\/\/i0.wp.com\/www.projekt-kirche.de\/wp-content\/uploads\/2015\/01\/infosymbol_web.jpg?w=629\" alt=\"\" \/><\/a><\/span><\/span> \u00fcber den Leib<span class=\"tooltips \" style=\"\" title=\"Mit Leib ist der menschliche K\u00f6rper gemeint.\"><span style=\"color:#333333\"><a class=\"nof-navPositioning\"><img data-recalc-dims=\"1\" decoding=\"async\" src=\"https:\/\/i0.wp.com\/www.projekt-kirche.de\/wp-content\/uploads\/2015\/01\/infosymbol_web.jpg?w=629\" alt=\"\" \/><\/a><\/span><\/span>\u00a0als Sinnbild f\u00fcr die Kirche<span class=\"tooltips \" style=\"\" title=\"Mit Kirche ist die lokale bzw. weltweite christliche Gemeinschaft gemeint.\"><span style=\"color:#333333\"><a class=\"nof-navPositioning\"><img data-recalc-dims=\"1\" decoding=\"async\" src=\"https:\/\/i0.wp.com\/www.projekt-kirche.de\/wp-content\/uploads\/2015\/01\/infosymbol_web.jpg?w=629\" alt=\"\" \/><\/a><\/span><\/span> und \u00fcber die wichtigste menschliche Gabe, der Liebe (<a href=\"https:\/\/www.bibleserver.com\/NLB\/1.Korinther12%2C12-31\" class=\"bibleserver extern\" target=\"_blank\" rel=\"noopener\">1. Kor 12,12-13,13<\/a> <\/a>nach der Einheits\u00fcbersetzung der Bibel):<\/p>\n<p><i>\u201cDenn wie der Leib eine Einheit ist, doch viele Glieder hat, alle Glieder des Leibes aber, obgleich es viele sind, einen einzigen Leib bilden: So ist es auch mit Christus. Durch den einen Geist wurden wir in der Taufe alle in einen einzigen Leib aufgenommen, Juden und Griechen, Sklaven und Freie; und alle wurden wir mit dem einen Geist getr\u00e4nkt. Auch der Leib besteht nicht nur aus einem Glied, sondern aus vielen Gliedern. (<a class=\"nof-navPositioning\">&#8230;<\/a>)<\/i><\/p>\n<p><i>Gott aber hat den Leib so zusammengef\u00fcgt, dass er dem geringsten Glied mehr Ehre zukommen lie\u00df, damit im Leib kein Zwiespalt entstehe, sondern alle Glieder eintr\u00e4chtig f\u00fcreinander sorgen. Wenn darum ein Glied leidet, leiden alle Glieder mit; wenn ein Glied geehrt wird, freuen sich alle anderen mit ihm. Ihr aber seid der Leib Christi und jeder Einzelne ist ein Glied an ihm.(<a class=\"nof-navPositioning\">&#8230;<\/a>)<\/i><\/p>\n<p><i>Strebt aber nach den h\u00f6heren Gnadengaben! Ich zeige euch jetzt noch einen anderen Weg, einen, der alles \u00fcbersteigt: <\/i><i>Wenn ich in den Sprachen der Menschen und Engel redete, h\u00e4tte aber die Liebe nicht, w\u00e4re ich dr\u00f6hnendes Erz oder eine l\u00e4rmende Pauke. Und wenn ich prophetisch reden k\u00f6nnte und alle Geheimnisse w\u00fcsste und alle Erkenntnis h\u00e4tte; wenn ich alle Glaubenskraft bes\u00e4\u00dfe und Berge damit versetzen k\u00f6nnte, h\u00e4tte aber die Liebe nicht, w\u00e4re ich nichts. Und wenn ich meine ganze Habe verschenkte und wenn ich meinen Leib dem Feuer \u00fcberg\u00e4be, h\u00e4tte aber die Liebe nicht, n\u00fctzte es mir nichts (<a class=\"nof-navPositioning\">&#8230;<\/a>).<\/i><\/p>\n<p><i>F\u00fcr jetzt bleiben Glaube, Hoffnung, Liebe, diese drei; doch am gr\u00f6\u00dften unter ihnen ist die Liebe.\u201c<\/i><\/p>\n<hr \/>\n<p>Zum Schluss noch eine allgemeing\u00fcltige Anweisung des Apostel Paulus an die Gemeinde in Thessalonich, die beim \u201cProjekt Kirche\u201d selbstverst\u00e4ndlich sein sollte:<\/p>\n<p style=\"text-align:center\"><i>\u201cPr\u00fcft alles und behaltet das Gute!<br \/>\nMeidet das B\u00f6se in jeder Gestalt! \u201d<\/i><br \/>\n(<a href=\"https:\/\/www.bibleserver.com\/NLB\/1.Thessalonicher5%2C21-22\" class=\"bibleserver extern\" target=\"_blank\" rel=\"noopener\">1. Thess 5,21-22<\/a>, Einheits\u00fcbersetzung)<\/p>\n","protected":false},"excerpt":{"rendered":"<p>Als Leitgedanken zu diesem Projekt m\u00f6chte ich den Apostel\u00a0Paulus zitieren. Er schrieb vor ann\u00e4hernd 2000 Jahren in einem Brief an die Christen der Gemeinde in\u00a0Korinth \u00fcber den Leib\u00a0als Sinnbild f\u00fcr die Kirche und \u00fcber die wichtigste menschliche Gabe, der Liebe (1. Kor 12,12-13,13 nach der Einheits\u00fcbersetzung der Bibel): \u201cDenn wie der Leib eine Einheit ist, [&hellip;]<\/p>\n","protected":false},"author":1,"featured_media":0,"parent":2443,"menu_order":0,"comment_status":"open","ping_status":"open","template":"","meta":{"jetpack_post_was_ever_published":false,"footnotes":""},"class_list":["post-3267","page","type-page","status-publish","hentry"],"jetpack_shortlink":"https:\/\/wp.me\/P4Sdv6-QH","jetpack_sharing_enabled":true,"_links":{"self":[{"href":"https:\/\/www.projekt-kirche.de\/index.php?rest_route=\/wp\/v2\/pages\/3267","targetHints":{"allow":["GET"]}}],"collection":[{"href":"https:\/\/www.projekt-kirche.de\/index.php?rest_route=\/wp\/v2\/pages"}],"about":[{"href":"https:\/\/www.projekt-kirche.de\/index.php?rest_route=\/wp\/v2\/types\/page"}],"author":[{"embeddable":true,"href":"https:\/\/www.projekt-kirche.de\/index.php?rest_route=\/wp\/v2\/users\/1"}],"replies":[{"embeddable":true,"href":"https:\/\/www.projekt-kirche.de\/index.php?rest_route=%2Fwp%2Fv2%2Fcomments&post=3267"}],"version-history":[{"count":5,"href":"https:\/\/www.projekt-kirche.de\/index.php?rest_route=\/wp\/v2\/pages\/3267\/revisions"}],"predecessor-version":[{"id":9456,"href":"https:\/\/www.projekt-kirche.de\/index.php?rest_route=\/wp\/v2\/pages\/3267\/revisions\/9456"}],"up":[{"embeddable":true,"href":"https:\/\/www.projekt-kirche.de\/index.php?rest_route=\/wp\/v2\/pages\/2443"}],"wp:attachment":[{"href":"https:\/\/www.projekt-kirche.de\/index.php?rest_route=%2Fwp%2Fv2%2Fmedia&parent=3267"}],"curies":[{"name":"wp","href":"https:\/\/api.w.org\/{rel}","templated":true}]}}